
{"id":59,"date":"2023-02-10T23:40:35","date_gmt":"2023-02-10T22:40:35","guid":{"rendered":"https:\/\/audioacademyeu.eu\/en\/?page_id=59"},"modified":"2023-02-24T19:49:09","modified_gmt":"2023-02-24T18:49:09","slug":"contact","status":"publish","type":"page","link":"https:\/\/audioacademyeu.eu\/en\/contact\/","title":{"rendered":"Contact"},"content":{"rendered":"\n<figure class=\"wp-block-image alignright size-full\"><img fetchpriority=\"high\" decoding=\"async\" width=\"270\" height=\"361\" src=\"http:\/\/audioacademyeu.eu\/en\/wp-content\/uploads\/sites\/7\/2023\/02\/tomas_dvoracek-270x361-1.webp\" alt=\"\" class=\"wp-image-63\" srcset=\"https:\/\/audioacademyeu.eu\/en\/wp-content\/uploads\/sites\/7\/2023\/02\/tomas_dvoracek-270x361-1.webp 270w, https:\/\/audioacademyeu.eu\/en\/wp-content\/uploads\/sites\/7\/2023\/02\/tomas_dvoracek-270x361-1-150x201.webp 150w, https:\/\/audioacademyeu.eu\/en\/wp-content\/uploads\/sites\/7\/2023\/02\/tomas_dvoracek-270x361-1-224x300.webp 224w, https:\/\/audioacademyeu.eu\/en\/wp-content\/uploads\/sites\/7\/2023\/02\/tomas_dvoracek-270x361-1-250x334.webp 250w\" sizes=\"(max-width: 270px) 100vw, 270px\" \/><\/figure>\n\n\n\n<p>Hello, my name is Tom\u00e1\u0161, I am 42 years old and I live near Ostrava. I have been teaching foreign languages professionally and professionally all my life, I have been working in a language school as a lecturer for 15 years. I speak English, German, French, Spanish and Italian. Apart from my first foreign language &#8211; English &#8211; I learned all other languages by listening to and then working with double-sided cards, i.e. using the system you will find on this website.<\/p>\n\n\n\n<p>I will be happy if you write to me not only if you have a question about any of the courses, but also if you are interested in anything related to foreign language learning, I will be happy to share not only my experience, but I will also be very happy to receive your tips and suggestions for improvement. I look forward to hearing from you.<\/p>\n\n\n\n<p>Have a nice day, Tomas<\/p>\n\n\n\n<hr class=\"wp-block-separator has-alpha-channel-opacity\"\/>\n\n\n\n<p>Ing. Tom\u00e1\u0161 Dvo\u0159\u00e1\u010dek<br>Mal\u00e1 strana 86,<br>74285 V\u0159esina<\/p>\n\n\n\n<p>email: <a href=\"mailto:eshop@audioacademyeu.eu\">eshop@audioacademyeu.eu<\/a><br>tel.:&nbsp;<a href=\"tel:+420603591994\">+420 603 591 994<\/a><br>I\u010cO: 61951404<\/p>\n\n\n\n<hr class=\"wp-block-separator has-alpha-channel-opacity\"\/>\n\n\n\n<div class=\"wp-block-contact-form-7-contact-form-selector\">\n<div class=\"wpcf7 no-js\" id=\"wpcf7-f61-o1\" lang=\"cs-CZ\" dir=\"ltr\" data-wpcf7-id=\"61\">\n<div class=\"screen-reader-response\"><p role=\"status\" aria-live=\"polite\" aria-atomic=\"true\"><\/p> <ul><\/ul><\/div>\n<form action=\"\/en\/wp-json\/wp\/v2\/pages\/59#wpcf7-f61-o1\" method=\"post\" class=\"wpcf7-form init\" aria-label=\"Kontaktn\u00ed formul\u00e1\u0159\" novalidate=\"novalidate\" data-status=\"init\">\n<fieldset class=\"hidden-fields-container\"><input type=\"hidden\" name=\"_wpcf7\" value=\"61\" \/><input type=\"hidden\" name=\"_wpcf7_version\" value=\"6.1.5\" \/><input type=\"hidden\" name=\"_wpcf7_locale\" value=\"cs_CZ\" \/><input type=\"hidden\" name=\"_wpcf7_unit_tag\" value=\"wpcf7-f61-o1\" \/><input type=\"hidden\" name=\"_wpcf7_container_post\" value=\"0\" \/><input type=\"hidden\" name=\"_wpcf7_posted_data_hash\" value=\"\" \/><input type=\"hidden\" name=\"_wpcf7_recaptcha_response\" value=\"\" \/>\n<\/fieldset>\n<p><label> Your name<br \/>\n<span class=\"wpcf7-form-control-wrap\" data-name=\"your-name\"><input size=\"40\" maxlength=\"400\" class=\"wpcf7-form-control wpcf7-text wpcf7-validates-as-required\" aria-required=\"true\" aria-invalid=\"false\" value=\"\" type=\"text\" name=\"your-name\" \/><\/span> <\/label>\n<\/p>\n<p><label> Your email<br \/>\n<span class=\"wpcf7-form-control-wrap\" data-name=\"your-email\"><input size=\"40\" maxlength=\"400\" class=\"wpcf7-form-control wpcf7-email wpcf7-validates-as-required wpcf7-text wpcf7-validates-as-email\" aria-required=\"true\" aria-invalid=\"false\" value=\"\" type=\"email\" name=\"your-email\" \/><\/span> <\/label>\n<\/p>\n<p><label> Your subject<br \/>\n<span class=\"wpcf7-form-control-wrap\" data-name=\"your-subject\"><input size=\"40\" maxlength=\"400\" class=\"wpcf7-form-control wpcf7-text wpcf7-validates-as-required\" aria-required=\"true\" aria-invalid=\"false\" value=\"\" type=\"text\" name=\"your-subject\" \/><\/span> <\/label>\n<\/p>\n<p><label> Your message (optional)<br \/>\n<span class=\"wpcf7-form-control-wrap\" data-name=\"your-message\"><textarea cols=\"40\" rows=\"10\" maxlength=\"2000\" class=\"wpcf7-form-control wpcf7-textarea\" aria-invalid=\"false\" name=\"your-message\"><\/textarea><\/span> <\/label>\n<\/p>\n<p><input class=\"wpcf7-form-control wpcf7-submit has-spinner\" type=\"submit\" value=\"Send\" \/>\n<\/p><div class=\"wpcf7-response-output\" aria-hidden=\"true\"><\/div>\n<\/form>\n<\/div>\n<\/div>\n","protected":false},"excerpt":{"rendered":"<p>Hello, my name is Tom\u00e1\u0161, I am 42 years old and I live near Ostrava. I have been teaching foreign languages professionally and professionally all my life, I have been working in a language school as a lecturer for 15 years. I speak English, German, French, Spanish and Italian. Apart from my first foreign language [&hellip;]<\/p>\n","protected":false},"author":1,"featured_media":18,"parent":0,"menu_order":0,"comment_status":"closed","ping_status":"closed","template":"","meta":{"_acf_changed":false,"inline_featured_image":false,"_sitemap_exclude":false,"_sitemap_priority":"","_sitemap_frequency":"","footnotes":""},"class_list":["post-59","page","type-page","status-publish","has-post-thumbnail","hentry"],"acf":[],"_links":{"self":[{"href":"https:\/\/audioacademyeu.eu\/en\/wp-json\/wp\/v2\/pages\/59","targetHints":{"allow":["GET"]}}],"collection":[{"href":"https:\/\/audioacademyeu.eu\/en\/wp-json\/wp\/v2\/pages"}],"about":[{"href":"https:\/\/audioacademyeu.eu\/en\/wp-json\/wp\/v2\/types\/page"}],"author":[{"embeddable":true,"href":"https:\/\/audioacademyeu.eu\/en\/wp-json\/wp\/v2\/users\/1"}],"replies":[{"embeddable":true,"href":"https:\/\/audioacademyeu.eu\/en\/wp-json\/wp\/v2\/comments?post=59"}],"version-history":[{"count":3,"href":"https:\/\/audioacademyeu.eu\/en\/wp-json\/wp\/v2\/pages\/59\/revisions"}],"predecessor-version":[{"id":64,"href":"https:\/\/audioacademyeu.eu\/en\/wp-json\/wp\/v2\/pages\/59\/revisions\/64"}],"wp:featuredmedia":[{"embeddable":true,"href":"https:\/\/audioacademyeu.eu\/en\/wp-json\/wp\/v2\/media\/18"}],"wp:attachment":[{"href":"https:\/\/audioacademyeu.eu\/en\/wp-json\/wp\/v2\/media?parent=59"}],"curies":[{"name":"wp","href":"https:\/\/api.w.org\/{rel}","templated":true}]}}